{"id":41,"date":"2023-01-22T13:53:58","date_gmt":"2023-01-22T13:53:58","guid":{"rendered":"https:\/\/www-qua.iseg.ulisboa.pt\/biblioteca\/?page_id=41"},"modified":"2025-10-23T13:57:26","modified_gmt":"2025-10-23T13:57:26","slug":"homepage","status":"publish","type":"page","link":"https:\/\/www-qua.iseg.ulisboa.pt\/biblioteca\/","title":{"rendered":"Homepage"},"content":{"rendered":"<div class=\"block-hero-slider\">\n\t<div data-delay=\"5000\" data-animation=\"slide\" data-autoplay=\"1\" data-duration=\"350\" data-infinite=\"1\" class=\"gallery-slider w-slider\">\n\t\t<div class=\"gallery-slider__mask w-slider-mask\">\n\t\t\t\t\t\t\t\t\t\t\t<div class=\"gallery-slider__slide w-slide\">\n\t\t\t\t\t<div class=\"gallery-slider__slide-content\">\n\t\t\t\t\t\t<div class=\"block-hero\">\n\t<div class=\"block-hero-content\">\n\t\t<div class=\"container\">\n\t\t\t<div class=\"hero-subtitle\">Semana do Acesso Aberto<\/div>\n\t\t\t<h1 class=\"hero-title\">Descubra o nosso Guia de Acesso Aberto<\/h1>\n\t\t\t<div class=\"hero-description\">Nesta Semana Internacional do Acesso Aberto, explore o nosso guia e descubra como aceder facilmente a investiga\u00e7\u00e3o de ponta e partilhar conhecimento de forma aberta e colaborativa.<\/div>\n\t\t\t\t\t\t\t<a href=\"https:\/\/iseg.libguides.com\/c.php?g=726743\" class=\"button button-white hero-button w-button\" title=\"Consulte aqui\" target=\"_self\">\n\t\t\t\t\tConsulte aqui\t\t\t\t<\/a>\n\t\t\t\t\t<\/div>\n\t\t\t<\/div>\n\n\t\n\t\t\t<div class=\"block-hero-image\">\n\t\t\t<img decoding=\"async\" src=\"https:\/\/www-qua.iseg.ulisboa.pt\/biblioteca\/wp-content\/uploads\/sites\/9\/2025\/10\/Copia-de-Pack-Social-Media-Biblioteca-29.png\" class=\"image-cover\" alt=\"\" srcset=\"https:\/\/www-qua.iseg.ulisboa.pt\/biblioteca\/wp-content\/uploads\/sites\/9\/2025\/10\/Copia-de-Pack-Social-Media-Biblioteca-29.png 1200w, https:\/\/www-qua.iseg.ulisboa.pt\/biblioteca\/wp-content\/uploads\/sites\/9\/2025\/10\/Copia-de-Pack-Social-Media-Biblioteca-29-300x158.png 300w, https:\/\/www-qua.iseg.ulisboa.pt\/biblioteca\/wp-content\/uploads\/sites\/9\/2025\/10\/Copia-de-Pack-Social-Media-Biblioteca-29-18x9.png 18w\" sizes=\"(max-width: 1200px) 100vw, 1200px\" \/>\t\t<\/div>\n\t\t<div class=\"block-hero-image mobile\">\n\t\t\t<img decoding=\"async\" src=\"https:\/\/www-qua.iseg.ulisboa.pt\/biblioteca\/wp-content\/uploads\/sites\/9\/2025\/10\/Copia-de-Pack-Social-Media-Biblioteca-29.png\" class=\"image-cover\" alt=\"\" srcset=\"https:\/\/www-qua.iseg.ulisboa.pt\/biblioteca\/wp-content\/uploads\/sites\/9\/2025\/10\/Copia-de-Pack-Social-Media-Biblioteca-29.png 1200w, https:\/\/www-qua.iseg.ulisboa.pt\/biblioteca\/wp-content\/uploads\/sites\/9\/2025\/10\/Copia-de-Pack-Social-Media-Biblioteca-29-300x158.png 300w, https:\/\/www-qua.iseg.ulisboa.pt\/biblioteca\/wp-content\/uploads\/sites\/9\/2025\/10\/Copia-de-Pack-Social-Media-Biblioteca-29-18x9.png 18w\" sizes=\"(max-width: 1200px) 100vw, 1200px\" \/>\t\t<\/div>\n\t\n<\/div>\t\t\t\t\t<\/div>\n\t\t\t\t<\/div>\n\t\t\t\t\t\t\t\t\t\t\t<div class=\"gallery-slider__slide w-slide\">\n\t\t\t\t\t<div class=\"gallery-slider__slide-content\">\n\t\t\t\t\t\t<div class=\"block-hero\">\n\t<div class=\"block-hero-content\">\n\t\t<div class=\"container\">\n\t\t\t<div class=\"hero-subtitle\">October 20-26, 2025<\/div>\n\t\t\t<h1 class=\"hero-title\">Semana Internacional do Acesso Aberto<\/h1>\n\t\t\t<div class=\"hero-description\">A Semana do Acesso Aberto celebra a partilha livre do conhecimento cient\u00edfico. Junte-se \u00e0 Biblioteca, participe nas sess\u00f5es e descubra como tornar a ci\u00eancia mais aberta e colaborativa!<\/div>\n\t\t\t\t\t\t\t<a href=\"https:\/\/www-qua.iseg.ulisboa.pt\/event\/semana-internacional-do-acesso-aberto-2025\/\" class=\"button button-white hero-button w-button\" title=\"Saiba mais\" target=\"_self\">\n\t\t\t\t\tSaiba mais\t\t\t\t<\/a>\n\t\t\t\t\t<\/div>\n\t\t\t<\/div>\n\n\t\n\t\t\t<div class=\"block-hero-image\">\n\t\t\t<img decoding=\"async\" src=\"https:\/\/www-qua.iseg.ulisboa.pt\/biblioteca\/wp-content\/uploads\/sites\/9\/2025\/10\/Copia-de-OAW25-Wide-Graphic-Template-6-1.png\" class=\"image-cover\" alt=\"\" srcset=\"https:\/\/www-qua.iseg.ulisboa.pt\/biblioteca\/wp-content\/uploads\/sites\/9\/2025\/10\/Copia-de-OAW25-Wide-Graphic-Template-6-1.png 1600w, https:\/\/www-qua.iseg.ulisboa.pt\/biblioteca\/wp-content\/uploads\/sites\/9\/2025\/10\/Copia-de-OAW25-Wide-Graphic-Template-6-1-300x169.png 300w, https:\/\/www-qua.iseg.ulisboa.pt\/biblioteca\/wp-content\/uploads\/sites\/9\/2025\/10\/Copia-de-OAW25-Wide-Graphic-Template-6-1-1536x864.png 1536w, https:\/\/www-qua.iseg.ulisboa.pt\/biblioteca\/wp-content\/uploads\/sites\/9\/2025\/10\/Copia-de-OAW25-Wide-Graphic-Template-6-1-18x10.png 18w\" sizes=\"(max-width: 1600px) 100vw, 1600px\" \/>\t\t<\/div>\n\t\t<div class=\"block-hero-image mobile\">\n\t\t\t<img decoding=\"async\" src=\"https:\/\/www-qua.iseg.ulisboa.pt\/biblioteca\/wp-content\/uploads\/sites\/9\/2025\/10\/Copia-de-OAW25-Wide-Graphic-Template-6-1.png\" class=\"image-cover\" alt=\"\" srcset=\"https:\/\/www-qua.iseg.ulisboa.pt\/biblioteca\/wp-content\/uploads\/sites\/9\/2025\/10\/Copia-de-OAW25-Wide-Graphic-Template-6-1.png 1600w, https:\/\/www-qua.iseg.ulisboa.pt\/biblioteca\/wp-content\/uploads\/sites\/9\/2025\/10\/Copia-de-OAW25-Wide-Graphic-Template-6-1-300x169.png 300w, https:\/\/www-qua.iseg.ulisboa.pt\/biblioteca\/wp-content\/uploads\/sites\/9\/2025\/10\/Copia-de-OAW25-Wide-Graphic-Template-6-1-1536x864.png 1536w, https:\/\/www-qua.iseg.ulisboa.pt\/biblioteca\/wp-content\/uploads\/sites\/9\/2025\/10\/Copia-de-OAW25-Wide-Graphic-Template-6-1-18x10.png 18w\" sizes=\"(max-width: 1600px) 100vw, 1600px\" \/>\t\t<\/div>\n\t\n<\/div>\t\t\t\t\t<\/div>\n\t\t\t\t<\/div>\n\t\t\t\t\t\t\t\t\t\t\t<div class=\"gallery-slider__slide w-slide\">\n\t\t\t\t\t<div class=\"gallery-slider__slide-content\">\n\t\t\t\t\t\t<div class=\"block-hero\">\n\t<div class=\"block-hero-content\">\n\t\t<div class=\"container\">\n\t\t\t<div class=\"hero-subtitle\">Livros <\/div>\n\t\t\t<h1 class=\"hero-title\">Novidades Bibliogr\u00e1ficas Outubro 2025<\/h1>\n\t\t\t<div class=\"hero-description\">Os livros did\u00e1ticos recomendados pelos professores est\u00e3o a chegar! Consulte as novidades da biblioteca e requisite os t\u00edtulos j\u00e1 dispon\u00edveis.<\/div>\n\t\t\t\t\t\t\t<a href=\"https:\/\/www-qua.iseg.ulisboa.pt\/biblioteca\/informacoes\/novidades-bibliograficas-2025\/\" class=\"button button-white hero-button w-button\" title=\"Consulte aqui\" target=\"_self\">\n\t\t\t\t\tConsulte aqui\t\t\t\t<\/a>\n\t\t\t\t\t<\/div>\n\t\t\t<\/div>\n\n\t\n\t\t\t<div class=\"block-hero-image\">\n\t\t\t<img decoding=\"async\" src=\"https:\/\/www-qua.iseg.ulisboa.pt\/biblioteca\/wp-content\/uploads\/sites\/9\/2025\/10\/Copia-de-Pack-Social-Media-Biblioteca-23.png\" class=\"image-cover\" alt=\"\" srcset=\"https:\/\/www-qua.iseg.ulisboa.pt\/biblioteca\/wp-content\/uploads\/sites\/9\/2025\/10\/Copia-de-Pack-Social-Media-Biblioteca-23.png 1200w, https:\/\/www-qua.iseg.ulisboa.pt\/biblioteca\/wp-content\/uploads\/sites\/9\/2025\/10\/Copia-de-Pack-Social-Media-Biblioteca-23-300x158.png 300w, https:\/\/www-qua.iseg.ulisboa.pt\/biblioteca\/wp-content\/uploads\/sites\/9\/2025\/10\/Copia-de-Pack-Social-Media-Biblioteca-23-18x9.png 18w\" sizes=\"(max-width: 1200px) 100vw, 1200px\" \/>\t\t<\/div>\n\t\t<div class=\"block-hero-image mobile\">\n\t\t\t<img decoding=\"async\" src=\"https:\/\/www-qua.iseg.ulisboa.pt\/biblioteca\/wp-content\/uploads\/sites\/9\/2025\/10\/Copia-de-Pack-Social-Media-Biblioteca-23.png\" class=\"image-cover\" alt=\"\" srcset=\"https:\/\/www-qua.iseg.ulisboa.pt\/biblioteca\/wp-content\/uploads\/sites\/9\/2025\/10\/Copia-de-Pack-Social-Media-Biblioteca-23.png 1200w, https:\/\/www-qua.iseg.ulisboa.pt\/biblioteca\/wp-content\/uploads\/sites\/9\/2025\/10\/Copia-de-Pack-Social-Media-Biblioteca-23-300x158.png 300w, https:\/\/www-qua.iseg.ulisboa.pt\/biblioteca\/wp-content\/uploads\/sites\/9\/2025\/10\/Copia-de-Pack-Social-Media-Biblioteca-23-18x9.png 18w\" sizes=\"(max-width: 1200px) 100vw, 1200px\" \/>\t\t<\/div>\n\t\n<\/div>\t\t\t\t\t<\/div>\n\t\t\t\t<\/div>\n\t\t\t\t\t\t\t\t\t\t\t<div class=\"gallery-slider__slide w-slide\">\n\t\t\t\t\t<div class=\"gallery-slider__slide-content\">\n\t\t\t\t\t\t<div class=\"block-hero\">\n\t<div class=\"block-hero-content\">\n\t\t<div class=\"container\">\n\t\t\t<div class=\"hero-subtitle\">Arquivo <\/div>\n\t\t\t<h1 class=\"hero-title\">Saiba como se ensinava Pol\u00edtica Econ\u00f3mica em 1967\/68<\/h1>\n\t\t\t<div class=\"hero-description\">Descubra no nosso Arquivo Hist\u00f3rico o programa original de Pol\u00edtica Econ\u00f3mica I (1967\/1968), um documento datilografado que revela os conte\u00fados e objetivos pedag\u00f3gicos que moldavam o ensino superior da \u00e9poca.<\/div>\n\t\t\t\t\t\t\t<a href=\"https:\/\/sistema-arquivos-iseg.ulisboa.pt\/details?id=324780&#038;detailsType=Description&#038;ht=programa%7cdisciplina%7cpol%c3%adtica%7cecon%c3%b3mica%7ci\" class=\"button button-white hero-button w-button\" title=\"Consulte aqui\" target=\"_self\">\n\t\t\t\t\tConsulte aqui\t\t\t\t<\/a>\n\t\t\t\t\t<\/div>\n\t\t\t<\/div>\n\n\t\n\t\t\t<div class=\"block-hero-image\">\n\t\t\t<img decoding=\"async\" src=\"https:\/\/www-qua.iseg.ulisboa.pt\/biblioteca\/wp-content\/uploads\/sites\/9\/2025\/10\/Programa-Politica-Economica.png\" class=\"image-cover\" alt=\"\" srcset=\"https:\/\/www-qua.iseg.ulisboa.pt\/biblioteca\/wp-content\/uploads\/sites\/9\/2025\/10\/Programa-Politica-Economica.png 1200w, https:\/\/www-qua.iseg.ulisboa.pt\/biblioteca\/wp-content\/uploads\/sites\/9\/2025\/10\/Programa-Politica-Economica-300x158.png 300w, https:\/\/www-qua.iseg.ulisboa.pt\/biblioteca\/wp-content\/uploads\/sites\/9\/2025\/10\/Programa-Politica-Economica-18x9.png 18w\" sizes=\"(max-width: 1200px) 100vw, 1200px\" \/>\t\t<\/div>\n\t\t<div class=\"block-hero-image mobile\">\n\t\t\t<img decoding=\"async\" src=\"https:\/\/www-qua.iseg.ulisboa.pt\/biblioteca\/wp-content\/uploads\/sites\/9\/2025\/10\/Programa-Politica-Economica.png\" class=\"image-cover\" alt=\"\" srcset=\"https:\/\/www-qua.iseg.ulisboa.pt\/biblioteca\/wp-content\/uploads\/sites\/9\/2025\/10\/Programa-Politica-Economica.png 1200w, https:\/\/www-qua.iseg.ulisboa.pt\/biblioteca\/wp-content\/uploads\/sites\/9\/2025\/10\/Programa-Politica-Economica-300x158.png 300w, https:\/\/www-qua.iseg.ulisboa.pt\/biblioteca\/wp-content\/uploads\/sites\/9\/2025\/10\/Programa-Politica-Economica-18x9.png 18w\" sizes=\"(max-width: 1200px) 100vw, 1200px\" \/>\t\t<\/div>\n\t\n<\/div>\t\t\t\t\t<\/div>\n\t\t\t\t<\/div>\n\t\t\t\t\t\t\t\t\t\t\t<div class=\"gallery-slider__slide w-slide\">\n\t\t\t\t\t<div class=\"gallery-slider__slide-content\">\n\t\t\t\t\t\t<div class=\"block-hero\">\n\t<div class=\"block-hero-content\">\n\t\t<div class=\"container\">\n\t\t\t<div class=\"hero-subtitle\">Bem-vindo<\/div>\n\t\t\t<h1 class=\"hero-title\">Acompanhe a Biblioteca no LinkedIn<\/h1>\n\t\t\t<div class=\"hero-description\">No arranque deste ano letivo, convidamos todos a seguir a Biblioteca no LinkedIn para estarem sempre a par das novidades, eventos e recursos dispon\u00edveis!<\/div>\n\t\t\t\t\t\t\t<a href=\"https:\/\/www.linkedin.com\/company\/105734154\/admin\/dashboard\/\" class=\"button button-white hero-button w-button\" title=\"Visite o nosso linkedIn\" target=\"_self\">\n\t\t\t\t\tVisite o nosso linkedIn\t\t\t\t<\/a>\n\t\t\t\t\t<\/div>\n\t\t\t<\/div>\n\n\t\n\t\t\t<div class=\"block-hero-image\">\n\t\t\t<img decoding=\"async\" src=\"https:\/\/www-qua.iseg.ulisboa.pt\/biblioteca\/wp-content\/uploads\/sites\/9\/2025\/09\/Copia-de-Pack-Social-Media-Biblioteca-4.png\" class=\"image-cover\" alt=\"\" srcset=\"https:\/\/www-qua.iseg.ulisboa.pt\/biblioteca\/wp-content\/uploads\/sites\/9\/2025\/09\/Copia-de-Pack-Social-Media-Biblioteca-4.png 1200w, https:\/\/www-qua.iseg.ulisboa.pt\/biblioteca\/wp-content\/uploads\/sites\/9\/2025\/09\/Copia-de-Pack-Social-Media-Biblioteca-4-300x158.png 300w, https:\/\/www-qua.iseg.ulisboa.pt\/biblioteca\/wp-content\/uploads\/sites\/9\/2025\/09\/Copia-de-Pack-Social-Media-Biblioteca-4-18x9.png 18w\" sizes=\"(max-width: 1200px) 100vw, 1200px\" \/>\t\t<\/div>\n\t\t<div class=\"block-hero-image mobile\">\n\t\t\t<img decoding=\"async\" src=\"https:\/\/www-qua.iseg.ulisboa.pt\/biblioteca\/wp-content\/uploads\/sites\/9\/2025\/09\/Copia-de-Pack-Social-Media-Biblioteca-4.png\" class=\"image-cover\" alt=\"\" srcset=\"https:\/\/www-qua.iseg.ulisboa.pt\/biblioteca\/wp-content\/uploads\/sites\/9\/2025\/09\/Copia-de-Pack-Social-Media-Biblioteca-4.png 1200w, https:\/\/www-qua.iseg.ulisboa.pt\/biblioteca\/wp-content\/uploads\/sites\/9\/2025\/09\/Copia-de-Pack-Social-Media-Biblioteca-4-300x158.png 300w, https:\/\/www-qua.iseg.ulisboa.pt\/biblioteca\/wp-content\/uploads\/sites\/9\/2025\/09\/Copia-de-Pack-Social-Media-Biblioteca-4-18x9.png 18w\" sizes=\"(max-width: 1200px) 100vw, 1200px\" \/>\t\t<\/div>\n\t\n<\/div>\t\t\t\t\t<\/div>\n\t\t\t\t<\/div>\n\t\t\t\t\t\t\t\t\t\t\t<div class=\"gallery-slider__slide w-slide\">\n\t\t\t\t\t<div class=\"gallery-slider__slide-content\">\n\t\t\t\t\t\t<div class=\"block-hero\">\n\t<div class=\"block-hero-content\">\n\t\t<div class=\"container\">\n\t\t\t<div class=\"hero-subtitle\">Outubro 2025<\/div>\n\t\t\t<h1 class=\"hero-title\">Calend\u00e1rio &#8211; Forma\u00e7\u00e3o de Utilizadores<\/h1>\n\t\t\t<div class=\"hero-description\">Descubra as sess\u00f5es de forma\u00e7\u00e3o agendadas para este m\u00eas<\/div>\n\t\t\t\t\t\t\t<a href=\"https:\/\/www-qua.iseg.ulisboa.pt\/biblioteca\/informacoes\/formacao-de-utilizadores\/\" class=\"button button-white hero-button w-button\" title=\"Inscreva-se aqui\" target=\"_self\">\n\t\t\t\t\tInscreva-se aqui\t\t\t\t<\/a>\n\t\t\t\t\t<\/div>\n\t\t\t<\/div>\n\n\t\n\t\t\t<div class=\"block-hero-image\">\n\t\t\t<img decoding=\"async\" src=\"https:\/\/www-qua.iseg.ulisboa.pt\/biblioteca\/wp-content\/uploads\/sites\/9\/2025\/09\/Copia-de-Pack-Social-Media-Biblioteca-6.png\" class=\"image-cover\" alt=\"\" srcset=\"https:\/\/www-qua.iseg.ulisboa.pt\/biblioteca\/wp-content\/uploads\/sites\/9\/2025\/09\/Copia-de-Pack-Social-Media-Biblioteca-6.png 1200w, https:\/\/www-qua.iseg.ulisboa.pt\/biblioteca\/wp-content\/uploads\/sites\/9\/2025\/09\/Copia-de-Pack-Social-Media-Biblioteca-6-300x158.png 300w, https:\/\/www-qua.iseg.ulisboa.pt\/biblioteca\/wp-content\/uploads\/sites\/9\/2025\/09\/Copia-de-Pack-Social-Media-Biblioteca-6-18x9.png 18w\" sizes=\"(max-width: 1200px) 100vw, 1200px\" \/>\t\t<\/div>\n\t\t<div class=\"block-hero-image mobile\">\n\t\t\t<img decoding=\"async\" src=\"https:\/\/www-qua.iseg.ulisboa.pt\/biblioteca\/wp-content\/uploads\/sites\/9\/2025\/09\/Copia-de-Pack-Social-Media-Biblioteca-6.png\" class=\"image-cover\" alt=\"\" srcset=\"https:\/\/www-qua.iseg.ulisboa.pt\/biblioteca\/wp-content\/uploads\/sites\/9\/2025\/09\/Copia-de-Pack-Social-Media-Biblioteca-6.png 1200w, https:\/\/www-qua.iseg.ulisboa.pt\/biblioteca\/wp-content\/uploads\/sites\/9\/2025\/09\/Copia-de-Pack-Social-Media-Biblioteca-6-300x158.png 300w, https:\/\/www-qua.iseg.ulisboa.pt\/biblioteca\/wp-content\/uploads\/sites\/9\/2025\/09\/Copia-de-Pack-Social-Media-Biblioteca-6-18x9.png 18w\" sizes=\"(max-width: 1200px) 100vw, 1200px\" \/>\t\t<\/div>\n\t\n<\/div>\t\t\t\t\t<\/div>\n\t\t\t\t<\/div>\n\t\t\t\t\t<\/div>\n\t\t\t\t\t<div class=\"slider-nav__left w-slider-arrow-left\"><\/div>\n\t\t\t<div class=\"slider-nav__right w-slider-arrow-right\"><\/div>\n\t\t\t<\/div>\n<\/div>\n\n\n\n\n<div class=\"block-course-features\">\n    <div class=\"container\">\n                    <div class=\"course-features__grid\">\n        \n            <div class=\"course-features__item\">\n                                    <div class=\"course-features__image\">\n                        <img decoding=\"async\" src=\"https:\/\/www-qua.iseg.ulisboa.pt\/biblioteca\/wp-content\/uploads\/sites\/9\/2023\/04\/Design-sem-nome-2023-04-20T165041.470.jpg\" loading=\"lazy\" sizes=\"(max-width: 479px) 86vw, (max-width: 767px) 82vw, (max-width: 991px) 41vw, 32vw\" srcset=\"https:\/\/www-qua.iseg.ulisboa.pt\/biblioteca\/wp-content\/uploads\/sites\/9\/2023\/04\/Design-sem-nome-2023-04-20T165041.470.jpg 500w, https:\/\/www-qua.iseg.ulisboa.pt\/biblioteca\/wp-content\/uploads\/sites\/9\/2023\/04\/Design-sem-nome-2023-04-20T165041.470.jpg 800w, https:\/\/www-qua.iseg.ulisboa.pt\/biblioteca\/wp-content\/uploads\/sites\/9\/2023\/04\/Design-sem-nome-2023-04-20T165041.470.jpg 1080w, https:\/\/www-qua.iseg.ulisboa.pt\/biblioteca\/wp-content\/uploads\/sites\/9\/2023\/04\/Design-sem-nome-2023-04-20T165041.470.jpg 1340w\" alt=\"\" class=\"image-cover\">\n                    <\/div>\n                                <div class=\"course-features__content\">\n                    <div class=\"course-features__topcut\"><\/div>\n                    <h4 class=\"course-features__heading\">\n                                                    <a href=\"https:\/\/www-qua.iseg.ulisboa.pt\/biblioteca\/recursos\/\">Recursos<\/a>\n                                            <\/h4>\n                    <div class=\"course-features__text\">A biblioteca disp\u00f5e de vastos recursos bibliogr\u00e1ficos que podem ser consultados nas suas instala\u00e7\u00f5es ou online.\r\n<\/div>\n                                            <a href=\"https:\/\/www-qua.iseg.ulisboa.pt\/biblioteca\/recursos\/\"  class=\"link-learnmore\">Saber mais<\/a>\n                                    <\/div>\n            <\/div>\n\n        \n            <div class=\"course-features__item\">\n                                    <div class=\"course-features__image\">\n                        <img decoding=\"async\" src=\"https:\/\/www-qua.iseg.ulisboa.pt\/biblioteca\/wp-content\/uploads\/sites\/9\/2023\/04\/Design-sem-nome-2023-04-20T164940.621.jpg\" loading=\"lazy\" sizes=\"(max-width: 479px) 86vw, (max-width: 767px) 82vw, (max-width: 991px) 41vw, 32vw\" srcset=\"https:\/\/www-qua.iseg.ulisboa.pt\/biblioteca\/wp-content\/uploads\/sites\/9\/2023\/04\/Design-sem-nome-2023-04-20T164940.621.jpg 500w, https:\/\/www-qua.iseg.ulisboa.pt\/biblioteca\/wp-content\/uploads\/sites\/9\/2023\/04\/Design-sem-nome-2023-04-20T164940.621.jpg 800w, https:\/\/www-qua.iseg.ulisboa.pt\/biblioteca\/wp-content\/uploads\/sites\/9\/2023\/04\/Design-sem-nome-2023-04-20T164940.621.jpg 1080w, https:\/\/www-qua.iseg.ulisboa.pt\/biblioteca\/wp-content\/uploads\/sites\/9\/2023\/04\/Design-sem-nome-2023-04-20T164940.621.jpg 1340w\" alt=\"\" class=\"image-cover\">\n                    <\/div>\n                                <div class=\"course-features__content\">\n                    <div class=\"course-features__topcut\"><\/div>\n                    <h4 class=\"course-features__heading\">\n                                                    <a href=\"https:\/\/www-qua.iseg.ulisboa.pt\/biblioteca\/recursos\/a-colecao\/\">A Cole\u00e7\u00e3o<\/a>\n                                            <\/h4>\n                    <div class=\"course-features__text\">Uma das melhores cole\u00e7\u00f5es existente no pa\u00eds nas \u00e1reas de Economia, Gest\u00e3o, Ci\u00eancias Auxiliares e afins.<\/div>\n                                            <a href=\"https:\/\/www-qua.iseg.ulisboa.pt\/biblioteca\/recursos\/a-colecao\/\"  class=\"link-learnmore\">Saber mais<\/a>\n                                    <\/div>\n            <\/div>\n\n        \n            <div class=\"course-features__item\">\n                                    <div class=\"course-features__image\">\n                        <img decoding=\"async\" src=\"https:\/\/www-qua.iseg.ulisboa.pt\/biblioteca\/wp-content\/uploads\/sites\/9\/2023\/01\/Design-sem-nome-2023-04-20T164544.629.jpg\" loading=\"lazy\" sizes=\"(max-width: 479px) 86vw, (max-width: 767px) 82vw, (max-width: 991px) 41vw, 32vw\" srcset=\"https:\/\/www-qua.iseg.ulisboa.pt\/biblioteca\/wp-content\/uploads\/sites\/9\/2023\/01\/Design-sem-nome-2023-04-20T164544.629.jpg 500w, https:\/\/www-qua.iseg.ulisboa.pt\/biblioteca\/wp-content\/uploads\/sites\/9\/2023\/01\/Design-sem-nome-2023-04-20T164544.629.jpg 800w, https:\/\/www-qua.iseg.ulisboa.pt\/biblioteca\/wp-content\/uploads\/sites\/9\/2023\/01\/Design-sem-nome-2023-04-20T164544.629.jpg 1080w, https:\/\/www-qua.iseg.ulisboa.pt\/biblioteca\/wp-content\/uploads\/sites\/9\/2023\/01\/Design-sem-nome-2023-04-20T164544.629.jpg 1340w\" alt=\"\" class=\"image-cover\">\n                    <\/div>\n                                <div class=\"course-features__content\">\n                    <div class=\"course-features__topcut\"><\/div>\n                    <h4 class=\"course-features__heading\">\n                                                    <a href=\"https:\/\/www-qua.iseg.ulisboa.pt\/biblioteca\/informacoes\/\">Informa\u00e7\u00f5es<\/a>\n                                            <\/h4>\n                    <div class=\"course-features__text\">Consulte mais informa\u00e7\u00f5es sobre os servi\u00e7os, guia do utilizador, perguntas frequentes e regulamento.<\/div>\n                                            <a href=\"https:\/\/www-qua.iseg.ulisboa.pt\/biblioteca\/informacoes\/\"  class=\"link-learnmore\">Saber mais<\/a>\n                                    <\/div>\n            <\/div>\n\n                <\/div>\n        <\/div>\n<\/div>\n\n\n<!-- Media\/text -->\n<div class=\"block-media-text\">\n\t<div class=\"container\">\n\t\t<div class=\"block-media-text__container\">\n\t\t\t<img decoding=\"async\" src=\"https:\/\/www-qua.iseg.ulisboa.pt\/biblioteca\/wp-content\/themes\/iseg\/assets\/images\/red-shape.svg\" loading=\"lazy\" alt=\"shape\" class=\"block-media-text__red-shape\" \/>\n\t\t\t<figure class=\"block-media-text__media\">\n\t\t\t\t<div class=\"media-text-anim-left-layer\"><\/div>\n\t\t\t\t<div class=\"media-text-anim-right-layer\"><\/div>\n\t\t\t\t<img decoding=\"async\" src=\"https:\/\/www-qua.iseg.ulisboa.pt\/biblioteca\/wp-content\/uploads\/sites\/9\/2023\/01\/library.jpg\" class=\"image-cover\" alt=\"\" srcset=\"https:\/\/www-qua.iseg.ulisboa.pt\/biblioteca\/wp-content\/uploads\/sites\/9\/2023\/01\/library.jpg 1080w, https:\/\/www-qua.iseg.ulisboa.pt\/biblioteca\/wp-content\/uploads\/sites\/9\/2023\/01\/library-300x225.jpg 300w\" sizes=\"(max-width: 1080px) 100vw, 1080px\" \/>\t\t\t<\/figure>\n\t\t\t<div class=\"block-media-text__content\">\n\t\t\t\t<h2 class=\"block-media-text__heading\">Conhe\u00e7a a Biblioteca<\/h2>\n\t\t\t\t<p class=\"block-media-text__paragraph\">A biblioteca de Francisco Pereira Moura \u00e9 um edif\u00edcio moderno de cinco pisos, que alberga o maior acervo bibliogr\u00e1fico de Portugal nas \u00e1reas da economia e gest\u00e3o.<\/p>\n\t\t\t\t\t\t\t\t\t<a href=\"https:\/\/www-qua.iseg.ulisboa.pt\/biblioteca\/recursos\/a-colecao\/\" class=\"link-learnmore\" title=\"Saber mais\" target=\"_self\">\n\t\t\t\t\t\tSaber mais\t\t\t\t\t<\/a>\n\t\t\t\t\t\t\t<\/div>\n\t\t<\/div>\n\t<\/div>\n<\/div>\n\n\n\n\n<div class=\"block-additional-info\">\n    <div class=\"container\">\n        <h4>Informa\u00e7\u00f5es<\/h4>\n        \n        <div class=\"additional-info__grid\">\n                            <div class=\"additional-info__item\">\n                    <a href=\"https:\/\/www-qua.iseg.ulisboa.pt\/biblioteca\/informacoes\/guia-do-utilizador\/\">Guia do Utilizador<\/a>\n                <\/div>\n                            <div class=\"additional-info__item\">\n                    <a href=\"https:\/\/www-qua.iseg.ulisboa.pt\/biblioteca\/informacoes\/regulamento\/\">Regulamento<\/a>\n                <\/div>\n                            <div class=\"additional-info__item\">\n                    <a href=\"https:\/\/www-qua.iseg.ulisboa.pt\/biblioteca\/informacoes\/formacao-de-utilizadores\/\">Forma\u00e7\u00e3o de Utilizadores<\/a>\n                <\/div>\n                            <div class=\"additional-info__item\">\n                    <a href=\"https:\/\/www-qua.iseg.ulisboa.pt\/biblioteca\/informacoes\/faq\/\">FAQ<\/a>\n                <\/div>\n                            <div class=\"additional-info__item\">\n                    <a href=\"https:\/\/www-qua.iseg.ulisboa.pt\/biblioteca\/informacoes\/novidades-bibliograficas-2023\/\">Novidades Bibliogr\u00e1ficas<\/a>\n                <\/div>\n                            <div class=\"additional-info__item\">\n                    <a href=\"https:\/\/www-qua.iseg.ulisboa.pt\/biblioteca\/informacoes\/guias-informativos\/\">Guias Informativos<\/a>\n                <\/div>\n                    <\/div>\n\n            <\/div>\n<\/div>\n\n","protected":false},"excerpt":{"rendered":"","protected":false},"author":2,"featured_media":1673,"parent":0,"menu_order":1,"comment_status":"closed","ping_status":"closed","template":"tpl-page-blocks.php","meta":{"inline_featured_image":false,"_uag_custom_page_level_css":"","footnotes":""},"acf":[],"uagb_featured_image_src":{"full":["https:\/\/www-qua.iseg.ulisboa.pt\/biblioteca\/wp-content\/uploads\/sites\/9\/2023\/04\/Design-sem-nome-2023-04-20T165041.470.jpg",1600,800,false],"thumbnail":["https:\/\/www-qua.iseg.ulisboa.pt\/biblioteca\/wp-content\/uploads\/sites\/9\/2023\/04\/Design-sem-nome-2023-04-20T165041.470-150x150.jpg",150,150,true],"medium":["https:\/\/www-qua.iseg.ulisboa.pt\/biblioteca\/wp-content\/uploads\/sites\/9\/2023\/04\/Design-sem-nome-2023-04-20T165041.470-300x150.jpg",300,150,true],"medium_large":["https:\/\/www-qua.iseg.ulisboa.pt\/biblioteca\/wp-content\/uploads\/sites\/9\/2023\/04\/Design-sem-nome-2023-04-20T165041.470.jpg",768,384,false],"large":["https:\/\/www-qua.iseg.ulisboa.pt\/biblioteca\/wp-content\/uploads\/sites\/9\/2023\/04\/Design-sem-nome-2023-04-20T165041.470.jpg",1024,512,false],"1536x1536":["https:\/\/www-qua.iseg.ulisboa.pt\/biblioteca\/wp-content\/uploads\/sites\/9\/2023\/04\/Design-sem-nome-2023-04-20T165041.470-1536x768.jpg",1536,768,true],"2048x2048":["https:\/\/www-qua.iseg.ulisboa.pt\/biblioteca\/wp-content\/uploads\/sites\/9\/2023\/04\/Design-sem-nome-2023-04-20T165041.470.jpg",1600,800,false],"trp-custom-language-flag":["https:\/\/www-qua.iseg.ulisboa.pt\/biblioteca\/wp-content\/uploads\/sites\/9\/2023\/04\/Design-sem-nome-2023-04-20T165041.470-18x9.jpg",18,9,true]},"uagb_author_info":{"display_name":"Major","author_link":"https:\/\/www-qua.iseg.ulisboa.pt\/biblioteca\/author\/leihla\/"},"uagb_comment_info":0,"uagb_excerpt":null,"_links":{"self":[{"href":"https:\/\/www-qua.iseg.ulisboa.pt\/biblioteca\/wp-json\/wp\/v2\/pages\/41"}],"collection":[{"href":"https:\/\/www-qua.iseg.ulisboa.pt\/biblioteca\/wp-json\/wp\/v2\/pages"}],"about":[{"href":"https:\/\/www-qua.iseg.ulisboa.pt\/biblioteca\/wp-json\/wp\/v2\/types\/page"}],"author":[{"embeddable":true,"href":"https:\/\/www-qua.iseg.ulisboa.pt\/biblioteca\/wp-json\/wp\/v2\/users\/2"}],"replies":[{"embeddable":true,"href":"https:\/\/www-qua.iseg.ulisboa.pt\/biblioteca\/wp-json\/wp\/v2\/comments?post=41"}],"version-history":[{"count":716,"href":"https:\/\/www-qua.iseg.ulisboa.pt\/biblioteca\/wp-json\/wp\/v2\/pages\/41\/revisions"}],"predecessor-version":[{"id":4814,"href":"https:\/\/www-qua.iseg.ulisboa.pt\/biblioteca\/wp-json\/wp\/v2\/pages\/41\/revisions\/4814"}],"wp:featuredmedia":[{"embeddable":true,"href":"https:\/\/www-qua.iseg.ulisboa.pt\/biblioteca\/wp-json\/wp\/v2\/media\/1673"}],"wp:attachment":[{"href":"https:\/\/www-qua.iseg.ulisboa.pt\/biblioteca\/wp-json\/wp\/v2\/media?parent=41"}],"curies":[{"name":"wp","href":"https:\/\/api.w.org\/{rel}","templated":true}]}}