{"id":6,"date":"2023-04-22T09:48:16","date_gmt":"2023-04-22T09:48:16","guid":{"rendered":"https:\/\/www-qua.iseg.ulisboa.pt\/sustentabilidade\/?page_id=6"},"modified":"2024-10-30T12:07:56","modified_gmt":"2024-10-30T12:07:56","slug":"home","status":"publish","type":"page","link":"https:\/\/www-qua.iseg.ulisboa.pt\/sustentabilidade\/","title":{"rendered":"Home"},"content":{"rendered":"<div class=\"block-hero\">\n\t<div class=\"block-hero-content\">\n\t\t<div class=\"container\">\n\t\t\t<div class=\"hero-subtitle\"><\/div>\n\t\t\t<h1 class=\"hero-title\">Sustentabilidade no ISEG<\/h1>\n\t\t\t<div class=\"hero-description\"><\/div>\n\t\t\t\t\t<\/div>\n\t\t\t<\/div>\n\n\t\n\t\t\t<div class=\"block-hero-image\">\n\t\t\t<img decoding=\"async\" src=\"https:\/\/www-qua.iseg.ulisboa.pt\/sustentabilidade\/wp-content\/uploads\/sites\/20\/2024\/03\/ISEG-Vista-Geral.jpg\" class=\"image-cover\" alt=\"\" srcset=\"https:\/\/www-qua.iseg.ulisboa.pt\/sustentabilidade\/wp-content\/uploads\/sites\/20\/2024\/03\/ISEG-Vista-Geral.jpg 1999w, https:\/\/www-qua.iseg.ulisboa.pt\/sustentabilidade\/wp-content\/uploads\/sites\/20\/2024\/03\/ISEG-Vista-Geral-300x200.jpg 300w, https:\/\/www-qua.iseg.ulisboa.pt\/sustentabilidade\/wp-content\/uploads\/sites\/20\/2024\/03\/ISEG-Vista-Geral-1536x1023.jpg 1536w, https:\/\/www-qua.iseg.ulisboa.pt\/sustentabilidade\/wp-content\/uploads\/sites\/20\/2024\/03\/ISEG-Vista-Geral-18x12.jpg 18w\" sizes=\"(max-width: 1999px) 100vw, 1999px\" \/>\t\t<\/div>\n\t\t<div class=\"block-hero-image mobile\">\n\t\t\t<img decoding=\"async\" src=\"https:\/\/www-qua.iseg.ulisboa.pt\/sustentabilidade\/wp-content\/uploads\/sites\/20\/2024\/03\/ISEG-Vista-Geral.jpg\" class=\"image-cover\" alt=\"\" srcset=\"https:\/\/www-qua.iseg.ulisboa.pt\/sustentabilidade\/wp-content\/uploads\/sites\/20\/2024\/03\/ISEG-Vista-Geral.jpg 1999w, https:\/\/www-qua.iseg.ulisboa.pt\/sustentabilidade\/wp-content\/uploads\/sites\/20\/2024\/03\/ISEG-Vista-Geral-300x200.jpg 300w, https:\/\/www-qua.iseg.ulisboa.pt\/sustentabilidade\/wp-content\/uploads\/sites\/20\/2024\/03\/ISEG-Vista-Geral-1536x1023.jpg 1536w, https:\/\/www-qua.iseg.ulisboa.pt\/sustentabilidade\/wp-content\/uploads\/sites\/20\/2024\/03\/ISEG-Vista-Geral-18x12.jpg 18w\" sizes=\"(max-width: 1999px) 100vw, 1999px\" \/>\t\t<\/div>\n\t\n<\/div>\n\n\n<div style=\"height:50px\" aria-hidden=\"true\" class=\"wp-block-spacer\"><\/div>\n\n\n<div class=\"block-intro-text has-iseg-green-color\">\n\t<div class=\"intro-text\">No ISEG, reconhecemos que a qualidade de vida das gera\u00e7\u00f5es futuras depende da forma como lidamos com os desafios atuais. Como parte de nossa abordagem plural, promovemos uma cultura de solidariedade e colabora\u00e7\u00e3o que ajuda a impulsionar o desenvolvimento sustent\u00e1vel.<\/div>\n\t<div class=\"intro-text-anim-left-layer\"><\/div>\n\t<div class=\"intro-text-anim-right-layer\"><\/div>\n<\/div>\n\n\n<div class=\"block-course-features\">\n    <div class=\"container\">\n                        <div class=\"course-features__intro\"><h2>Sustentabilidade no ISEG<\/h2>\n<p>O ISEG integra a sustentabilidade em todas as suas principais opera\u00e7\u00f5es: pesquisa, educa\u00e7\u00e3o, campus e comunidade \/ parcerias.<\/p>\n<\/div>\n                <div class=\"course-features__grid\">\n        \n            <div class=\"course-features__item\">\n                                    <div class=\"course-features__image\">\n                        <img decoding=\"async\" src=\"https:\/\/www-qua.iseg.ulisboa.pt\/sustentabilidade\/wp-content\/uploads\/sites\/20\/2023\/04\/Mestrado-Mim.jpg\" loading=\"lazy\" sizes=\"(max-width: 479px) 86vw, (max-width: 767px) 82vw, (max-width: 991px) 41vw, 32vw\" srcset=\"https:\/\/www-qua.iseg.ulisboa.pt\/sustentabilidade\/wp-content\/uploads\/sites\/20\/2023\/04\/Mestrado-Mim.jpg 500w, https:\/\/www-qua.iseg.ulisboa.pt\/sustentabilidade\/wp-content\/uploads\/sites\/20\/2023\/04\/Mestrado-Mim.jpg 800w, https:\/\/www-qua.iseg.ulisboa.pt\/sustentabilidade\/wp-content\/uploads\/sites\/20\/2023\/04\/Mestrado-Mim.jpg 1080w, https:\/\/www-qua.iseg.ulisboa.pt\/sustentabilidade\/wp-content\/uploads\/sites\/20\/2023\/04\/Mestrado-Mim.jpg 1340w\" alt=\"\" class=\"image-cover\">\n                    <\/div>\n                                <div class=\"course-features__content\">\n                    <div class=\"course-features__topcut\"><\/div>\n                    <h4 class=\"course-features__heading\">\n                                                    <a href=\"https:\/\/www-qua.iseg.ulisboa.pt\/sustentabilidade\/sustentabilidade-na-educacao\/\">Sustentabilidade na Educa\u00e7\u00e3o<\/a>\n                                            <\/h4>\n                    <div class=\"course-features__text\">A sustentabilidade est\u00e1 integrada em diversos programas oferecidos pelo ISEG.<\/div>\n                                            <a href=\"https:\/\/www-qua.iseg.ulisboa.pt\/sustentabilidade\/sustentabilidade-na-educacao\/\"  class=\"link-learnmore\">Saiba mais<\/a>\n                                    <\/div>\n            <\/div>\n\n        \n            <div class=\"course-features__item\">\n                                    <div class=\"course-features__image\">\n                        <img decoding=\"async\" src=\"https:\/\/www-qua.iseg.ulisboa.pt\/sustentabilidade\/wp-content\/uploads\/sites\/20\/2023\/04\/biblioteca.jpg\" loading=\"lazy\" sizes=\"(max-width: 479px) 86vw, (max-width: 767px) 82vw, (max-width: 991px) 41vw, 32vw\" srcset=\"https:\/\/www-qua.iseg.ulisboa.pt\/sustentabilidade\/wp-content\/uploads\/sites\/20\/2023\/04\/biblioteca.jpg 500w, https:\/\/www-qua.iseg.ulisboa.pt\/sustentabilidade\/wp-content\/uploads\/sites\/20\/2023\/04\/biblioteca.jpg 800w, https:\/\/www-qua.iseg.ulisboa.pt\/sustentabilidade\/wp-content\/uploads\/sites\/20\/2023\/04\/biblioteca.jpg 1080w, https:\/\/www-qua.iseg.ulisboa.pt\/sustentabilidade\/wp-content\/uploads\/sites\/20\/2023\/04\/biblioteca.jpg 1340w\" alt=\"\" class=\"image-cover\">\n                    <\/div>\n                                <div class=\"course-features__content\">\n                    <div class=\"course-features__topcut\"><\/div>\n                    <h4 class=\"course-features__heading\">\n                                                    <a href=\"https:\/\/www-qua.iseg.ulisboa.pt\/sustentabilidade\/sustentabilidade-na-investigacao\/\">Sustentabilidade na Investiga\u00e7\u00e3o<\/a>\n                                            <\/h4>\n                    <div class=\"course-features__text\">A investiga\u00e7\u00e3o conduzida no ISEG oferece uma grande variedade de perspetivas sobre a defini\u00e7\u00e3o, categoriza\u00e7\u00e3o e avalia\u00e7\u00e3o de quest\u00f5es relacionadas \u00e0 sustentabilidade.<\/div>\n                                            <a href=\"https:\/\/www-qua.iseg.ulisboa.pt\/sustentabilidade\/sustentabilidade-na-investigacao\/\"  class=\"link-learnmore\">Saiba mais<\/a>\n                                    <\/div>\n            <\/div>\n\n        \n            <div class=\"course-features__item\">\n                                    <div class=\"course-features__image\">\n                        <img decoding=\"async\" src=\"https:\/\/www-qua.iseg.ulisboa.pt\/sustentabilidade\/wp-content\/uploads\/sites\/20\/2023\/04\/campus.jpg\" loading=\"lazy\" sizes=\"(max-width: 479px) 86vw, (max-width: 767px) 82vw, (max-width: 991px) 41vw, 32vw\" srcset=\"https:\/\/www-qua.iseg.ulisboa.pt\/sustentabilidade\/wp-content\/uploads\/sites\/20\/2023\/04\/campus.jpg 500w, https:\/\/www-qua.iseg.ulisboa.pt\/sustentabilidade\/wp-content\/uploads\/sites\/20\/2023\/04\/campus.jpg 800w, https:\/\/www-qua.iseg.ulisboa.pt\/sustentabilidade\/wp-content\/uploads\/sites\/20\/2023\/04\/campus.jpg 1080w, https:\/\/www-qua.iseg.ulisboa.pt\/sustentabilidade\/wp-content\/uploads\/sites\/20\/2023\/04\/campus.jpg 1340w\" alt=\"\" class=\"image-cover\">\n                    <\/div>\n                                <div class=\"course-features__content\">\n                    <div class=\"course-features__topcut\"><\/div>\n                    <h4 class=\"course-features__heading\">\n                                                    <a href=\"https:\/\/www-qua.iseg.ulisboa.pt\/sustentabilidade\/campus-sustentavel\/\">Sustentabilidade no Campus<\/a>\n                                            <\/h4>\n                    <div class=\"course-features__text\">O campus \u00e9 como um laborat\u00f3rio vivo, para testar e implementar solu\u00e7\u00f5es que promovam a sustentabilidade e o bem-estar da nossa comunidade.<\/div>\n                                            <a href=\"https:\/\/www-qua.iseg.ulisboa.pt\/sustentabilidade\/campus-sustentavel\/\"  class=\"link-learnmore\">Saiba mais<\/a>\n                                    <\/div>\n            <\/div>\n\n                <\/div>\n        <\/div>\n<\/div>\n\n<div class=\"block-featured-news\">\n\t<div class=\"container\">\n\t\t<div class=\"block-header\">\n\t\t\t<h2 class=\"has-iseg-red-color\">Not\u00edcias<\/h2>\n\t\t\t\t\t\t\t<a href=\"https:\/\/iseg.ulisboa.pt\/noticias\/?topic=sustentabilidade\" class=\"link-learnmore\" title=\"Ver todas\" target=\"_self\">\n\t\t\t\t\tVer todas\t\t\t\t<\/a>\n\t\t\t\t\t<\/div>\n\t\t<div class=\"block-3-articles\">\n\t\t\t\n\t\t\t\t<div class=\"news-card\">\n\t<a href=\"https:\/\/www-qua.iseg.ulisboa.pt\/2025\/10\/iseg-sustainable-week25\/\" class=\"news-card__image\">\n\t\t<img decoding=\"async\" src=\"https:\/\/www-qua.iseg.ulisboa.pt\/sustentabilidade\/wp-content\/uploads\/ISEG-Sustainable-Week25_Noticia.png\" class=\"image-cover wp-post-image\" alt=\"\" srcset=\"https:\/\/www-qua.iseg.ulisboa.pt\/sustentabilidade\/wp-content\/uploads\/ISEG-Sustainable-Week25_Noticia.png 1201w, https:\/\/www-qua.iseg.ulisboa.pt\/sustentabilidade\/wp-content\/uploads\/ISEG-Sustainable-Week25_Noticia-300x157.png 300w, https:\/\/www-qua.iseg.ulisboa.pt\/sustentabilidade\/wp-content\/uploads\/ISEG-Sustainable-Week25_Noticia-18x9.png 18w\" sizes=\"(max-width: 1201px) 100vw, 1201px\" \/>\t<\/a>\n\t<div class=\"news-card__type\"><\/div>\n\t<a href=\"https:\/\/www-qua.iseg.ulisboa.pt\/2025\/10\/iseg-sustainable-week25\/\" class=\"news-card__title\">ISEG Sustainable Week\u201925<\/a>\n\t<div class=\"post-date\">14-10-2025<\/div>\n<\/div>\t\t\t\t\n\t\t\t\t\t\t\t\n\t\t\t\t<div class=\"news-card\">\n\t<a href=\"https:\/\/www-qua.iseg.ulisboa.pt\/2025\/05\/iseg-acolhe-public-value-festival-e-promove-debate\/\" class=\"news-card__image\">\n\t\t<img decoding=\"async\" src=\"https:\/\/www-qua.iseg.ulisboa.pt\/sustentabilidade\/wp-content\/uploads\/Public-Value-Festival.png\" class=\"image-cover wp-post-image\" alt=\"\" srcset=\"https:\/\/www-qua.iseg.ulisboa.pt\/sustentabilidade\/wp-content\/uploads\/Public-Value-Festival.png 1200w, https:\/\/www-qua.iseg.ulisboa.pt\/sustentabilidade\/wp-content\/uploads\/Public-Value-Festival-300x151.png 300w, https:\/\/www-qua.iseg.ulisboa.pt\/sustentabilidade\/wp-content\/uploads\/Public-Value-Festival-18x9.png 18w\" sizes=\"(max-width: 1200px) 100vw, 1200px\" \/>\t<\/a>\n\t<div class=\"news-card__type\">Outras<\/div>\n\t<a href=\"https:\/\/www-qua.iseg.ulisboa.pt\/2025\/05\/iseg-acolhe-public-value-festival-e-promove-debate\/\" class=\"news-card__title\">ISEG acolhe Public Value Festival 2025<\/a>\n\t<div class=\"post-date\">29-05-2025<\/div>\n<\/div>\t\t\t\t\n\t\t\t\t\t\t\t\n\t\t\t\t<div class=\"news-card\">\n\t<a href=\"https:\/\/www-qua.iseg.ulisboa.pt\/2025\/03\/iseg-promove-mesa-redonda-sobre-economia-circular-e-acolhe-exposicao-sobre-sustentabilidade\/\" class=\"news-card__image\">\n\t\t<img decoding=\"async\" src=\"https:\/\/www-qua.iseg.ulisboa.pt\/sustentabilidade\/wp-content\/uploads\/banner_campanha_tODxS_v4.jpg\" class=\"image-cover wp-post-image\" alt=\"\" srcset=\"https:\/\/www-qua.iseg.ulisboa.pt\/sustentabilidade\/wp-content\/uploads\/banner_campanha_tODxS_v4.jpg 1280w, https:\/\/www-qua.iseg.ulisboa.pt\/sustentabilidade\/wp-content\/uploads\/banner_campanha_tODxS_v4-300x169.jpg 300w, https:\/\/www-qua.iseg.ulisboa.pt\/sustentabilidade\/wp-content\/uploads\/banner_campanha_tODxS_v4-18x10.jpg 18w\" sizes=\"(max-width: 1280px) 100vw, 1280px\" \/>\t<\/a>\n\t<div class=\"news-card__type\">Outras<\/div>\n\t<a href=\"https:\/\/www-qua.iseg.ulisboa.pt\/2025\/03\/iseg-promove-mesa-redonda-sobre-economia-circular-e-acolhe-exposicao-sobre-sustentabilidade\/\" class=\"news-card__title\">ISEG promove Mesa Redonda sobre Economia Circular e acolhe exposi\u00e7\u00e3o sobre ODS<\/a>\n\t<div class=\"post-date\">24-03-2025<\/div>\n<\/div>\t\t\t\t\n\t\t\t\t\t\t\t\t\n\t\t<\/div>\n\t<\/div>\n<\/div>\n\n","protected":false},"excerpt":{"rendered":"","protected":false},"author":2,"featured_media":0,"parent":0,"menu_order":0,"comment_status":"closed","ping_status":"closed","template":"tpl-page-blocks.php","meta":{"inline_featured_image":false,"_uag_custom_page_level_css":"","footnotes":""},"acf":[],"uagb_featured_image_src":{"full":false,"thumbnail":false,"medium":false,"medium_large":false,"large":false,"1536x1536":false,"2048x2048":false,"trp-custom-language-flag":false},"uagb_author_info":{"display_name":"Major","author_link":"https:\/\/www-qua.iseg.ulisboa.pt\/sustentabilidade\/author\/leihla\/"},"uagb_comment_info":0,"uagb_excerpt":null,"_links":{"self":[{"href":"https:\/\/www-qua.iseg.ulisboa.pt\/sustentabilidade\/wp-json\/wp\/v2\/pages\/6"}],"collection":[{"href":"https:\/\/www-qua.iseg.ulisboa.pt\/sustentabilidade\/wp-json\/wp\/v2\/pages"}],"about":[{"href":"https:\/\/www-qua.iseg.ulisboa.pt\/sustentabilidade\/wp-json\/wp\/v2\/types\/page"}],"author":[{"embeddable":true,"href":"https:\/\/www-qua.iseg.ulisboa.pt\/sustentabilidade\/wp-json\/wp\/v2\/users\/2"}],"replies":[{"embeddable":true,"href":"https:\/\/www-qua.iseg.ulisboa.pt\/sustentabilidade\/wp-json\/wp\/v2\/comments?post=6"}],"version-history":[{"count":40,"href":"https:\/\/www-qua.iseg.ulisboa.pt\/sustentabilidade\/wp-json\/wp\/v2\/pages\/6\/revisions"}],"predecessor-version":[{"id":600,"href":"https:\/\/www-qua.iseg.ulisboa.pt\/sustentabilidade\/wp-json\/wp\/v2\/pages\/6\/revisions\/600"}],"wp:attachment":[{"href":"https:\/\/www-qua.iseg.ulisboa.pt\/sustentabilidade\/wp-json\/wp\/v2\/media?parent=6"}],"curies":[{"name":"wp","href":"https:\/\/api.w.org\/{rel}","templated":true}]}}